{"id":78,"date":"2015-02-08T16:51:07","date_gmt":"2015-02-08T16:51:07","guid":{"rendered":"http:\/\/www.schnaiterhof.de\/?page_id=78"},"modified":"2024-12-30T14:35:30","modified_gmt":"2024-12-30T14:35:30","slug":"ferienwohnung-terasse","status":"publish","type":"page","link":"https:\/\/www.schnaiterhof.de\/?page_id=78","title":{"rendered":"Ferienwohnung Terrasse"},"content":{"rendered":"<p>Die l\u00e4ndliche Wohnung mit S\u00fcd-Terrasse eignet sich f\u00fcr Familien oder gehbehinderte Personen. Sie besteht aus zwei Schlafzimmern (Zustellbett f\u00fcr Kind m\u00f6glich), Wohnk\u00fcche, TV, Dusche\/WC, Flur.<\/p>\n<div id=\"attachment_1168\" style=\"width: 790px\" class=\"wp-caption alignnone\"><img loading=\"lazy\" decoding=\"async\" aria-describedby=\"caption-attachment-1168\" class=\"wp-image-1168 size-large\" src=\"https:\/\/www.schnaiterhof.de\/wp-content\/uploads\/2024\/12\/IMG_9171-1-1024x768.jpeg\" alt=\"\" width=\"780\" height=\"585\" srcset=\"https:\/\/www.schnaiterhof.de\/wp-content\/uploads\/2024\/12\/IMG_9171-1-1024x768.jpeg 1024w, https:\/\/www.schnaiterhof.de\/wp-content\/uploads\/2024\/12\/IMG_9171-1-300x225.jpeg 300w, https:\/\/www.schnaiterhof.de\/wp-content\/uploads\/2024\/12\/IMG_9171-1-768x576.jpeg 768w, https:\/\/www.schnaiterhof.de\/wp-content\/uploads\/2024\/12\/IMG_9171-1-1536x1152.jpeg 1536w, https:\/\/www.schnaiterhof.de\/wp-content\/uploads\/2024\/12\/IMG_9171-1-2048x1536.jpeg 2048w\" sizes=\"auto, (max-width: 780px) 100vw, 780px\" \/><p id=\"caption-attachment-1168\" class=\"wp-caption-text\">Wohnraum FEWO Terrasse<\/p><\/div>\n<p><strong>Ausstattung<\/strong>:<\/p>\n<ul>\n<li>Anzahl Betten (inkl. z.B. Couch): 5<\/li>\n<li>2 separate Schlafzimmer<\/li>\n<li>Doppelbett, Kinderbett<\/li>\n<li>Wohnk\u00fcche<\/li>\n<li>Essecke<\/li>\n<li>Backofen, K\u00fchlschrank mit Gefrierfach, Mikrowelle, Kaffeemaschine<\/li>\n<li>Sitzecke<\/li>\n<li>Babyhochstuhl<\/li>\n<li>TV<\/li>\n<li>Bad, Dusche\/WC, F\u00f6hn<\/li>\n<li>Bettw\u00e4sche,\u00a0Handt\u00fccher<\/li>\n<li>Terrasse<\/li>\n<li>Grillm\u00f6glichkeit,\u00a0Gartenm\u00f6bel<\/li>\n<li>Liegewiese<\/li>\n<li>Heizung<\/li>\n<li>Erdgeschoss<\/li>\n<li>Nichtraucher<\/li>\n<\/ul>\n\n<div class='gallery'><dl class='gallery-item'>\n\t\t\t<dt class='gallery-icon landscape'>\n\t\t\t\t<a href='https:\/\/www.schnaiterhof.de\/?attachment_id=1164'><img loading=\"lazy\" decoding=\"async\" width=\"300\" height=\"200\" src=\"https:\/\/www.schnaiterhof.de\/wp-content\/uploads\/2024\/12\/IMG_0023-300x200.jpeg\" class=\"attachment-medium size-medium\" alt=\"\" aria-describedby=\"gallery-1-1164\" srcset=\"https:\/\/www.schnaiterhof.de\/wp-content\/uploads\/2024\/12\/IMG_0023-300x200.jpeg 300w, https:\/\/www.schnaiterhof.de\/wp-content\/uploads\/2024\/12\/IMG_0023-1024x683.jpeg 1024w, https:\/\/www.schnaiterhof.de\/wp-content\/uploads\/2024\/12\/IMG_0023-768x512.jpeg 768w, https:\/\/www.schnaiterhof.de\/wp-content\/uploads\/2024\/12\/IMG_0023-1536x1024.jpeg 1536w, https:\/\/www.schnaiterhof.de\/wp-content\/uploads\/2024\/12\/IMG_0023.jpeg 1668w\" sizes=\"auto, (max-width: 300px) 100vw, 300px\" \/><\/a>\n\t\t\t<\/dt>\n\t\t\t\t<dd class='wp-caption-text gallery-caption' id='gallery-1-1164'>\n\t\t\t\tGrundriss FEWO Terrasse\n\t\t\t\t<\/dd><\/dl><dl class='gallery-item'>\n\t\t\t<dt class='gallery-icon landscape'>\n\t\t\t\t<a href='https:\/\/www.schnaiterhof.de\/?attachment_id=1168'><img loading=\"lazy\" decoding=\"async\" width=\"300\" height=\"225\" src=\"https:\/\/www.schnaiterhof.de\/wp-content\/uploads\/2024\/12\/IMG_9171-1-300x225.jpeg\" class=\"attachment-medium size-medium\" alt=\"\" aria-describedby=\"gallery-1-1168\" srcset=\"https:\/\/www.schnaiterhof.de\/wp-content\/uploads\/2024\/12\/IMG_9171-1-300x225.jpeg 300w, https:\/\/www.schnaiterhof.de\/wp-content\/uploads\/2024\/12\/IMG_9171-1-1024x768.jpeg 1024w, https:\/\/www.schnaiterhof.de\/wp-content\/uploads\/2024\/12\/IMG_9171-1-768x576.jpeg 768w, https:\/\/www.schnaiterhof.de\/wp-content\/uploads\/2024\/12\/IMG_9171-1-1536x1152.jpeg 1536w, https:\/\/www.schnaiterhof.de\/wp-content\/uploads\/2024\/12\/IMG_9171-1-2048x1536.jpeg 2048w\" sizes=\"auto, (max-width: 300px) 100vw, 300px\" \/><\/a>\n\t\t\t<\/dt>\n\t\t\t\t<dd class='wp-caption-text gallery-caption' id='gallery-1-1168'>\n\t\t\t\tWohnraum FEWO Terrasse \n\t\t\t\t<\/dd><\/dl><dl class='gallery-item'>\n\t\t\t<dt class='gallery-icon landscape'>\n\t\t\t\t<a href='https:\/\/www.schnaiterhof.de\/?attachment_id=1167'><img loading=\"lazy\" decoding=\"async\" width=\"300\" height=\"225\" src=\"https:\/\/www.schnaiterhof.de\/wp-content\/uploads\/2024\/12\/IMG_9172-300x225.jpeg\" class=\"attachment-medium size-medium\" alt=\"\" aria-describedby=\"gallery-1-1167\" srcset=\"https:\/\/www.schnaiterhof.de\/wp-content\/uploads\/2024\/12\/IMG_9172-300x225.jpeg 300w, https:\/\/www.schnaiterhof.de\/wp-content\/uploads\/2024\/12\/IMG_9172-1024x768.jpeg 1024w, https:\/\/www.schnaiterhof.de\/wp-content\/uploads\/2024\/12\/IMG_9172-768x576.jpeg 768w, https:\/\/www.schnaiterhof.de\/wp-content\/uploads\/2024\/12\/IMG_9172-1536x1152.jpeg 1536w, https:\/\/www.schnaiterhof.de\/wp-content\/uploads\/2024\/12\/IMG_9172-2048x1536.jpeg 2048w\" sizes=\"auto, (max-width: 300px) 100vw, 300px\" \/><\/a>\n\t\t\t<\/dt>\n\t\t\t\t<dd class='wp-caption-text gallery-caption' id='gallery-1-1167'>\n\t\t\t\tWohnraum FEWO Terrasse\n\t\t\t\t<\/dd><\/dl><br style=\"clear: both\" \/><dl class='gallery-item'>\n\t\t\t<dt class='gallery-icon landscape'>\n\t\t\t\t<a href='https:\/\/www.schnaiterhof.de\/?attachment_id=1251'><img loading=\"lazy\" decoding=\"async\" width=\"300\" height=\"240\" src=\"https:\/\/www.schnaiterhof.de\/wp-content\/uploads\/2024\/12\/Bad-FEWO-Terrasse-300x240.jpg\" class=\"attachment-medium size-medium\" alt=\"\" aria-describedby=\"gallery-1-1251\" srcset=\"https:\/\/www.schnaiterhof.de\/wp-content\/uploads\/2024\/12\/Bad-FEWO-Terrasse-300x240.jpg 300w, https:\/\/www.schnaiterhof.de\/wp-content\/uploads\/2024\/12\/Bad-FEWO-Terrasse-1024x819.jpg 1024w, https:\/\/www.schnaiterhof.de\/wp-content\/uploads\/2024\/12\/Bad-FEWO-Terrasse-768x614.jpg 768w, https:\/\/www.schnaiterhof.de\/wp-content\/uploads\/2024\/12\/Bad-FEWO-Terrasse-1536x1229.jpg 1536w, https:\/\/www.schnaiterhof.de\/wp-content\/uploads\/2024\/12\/Bad-FEWO-Terrasse.jpg 1600w\" sizes=\"auto, (max-width: 300px) 100vw, 300px\" \/><\/a>\n\t\t\t<\/dt>\n\t\t\t\t<dd class='wp-caption-text gallery-caption' id='gallery-1-1251'>\n\t\t\t\tBad FEWO Terrasse\n\t\t\t\t<\/dd><\/dl><dl class='gallery-item'>\n\t\t\t<dt class='gallery-icon landscape'>\n\t\t\t\t<a href='https:\/\/www.schnaiterhof.de\/?attachment_id=1253'><img loading=\"lazy\" decoding=\"async\" width=\"300\" height=\"240\" src=\"https:\/\/www.schnaiterhof.de\/wp-content\/uploads\/2024\/12\/Schlafzimmer-FEWO-Terrasse-300x240.jpg\" class=\"attachment-medium size-medium\" alt=\"\" aria-describedby=\"gallery-1-1253\" srcset=\"https:\/\/www.schnaiterhof.de\/wp-content\/uploads\/2024\/12\/Schlafzimmer-FEWO-Terrasse-300x240.jpg 300w, https:\/\/www.schnaiterhof.de\/wp-content\/uploads\/2024\/12\/Schlafzimmer-FEWO-Terrasse-1024x819.jpg 1024w, https:\/\/www.schnaiterhof.de\/wp-content\/uploads\/2024\/12\/Schlafzimmer-FEWO-Terrasse-768x614.jpg 768w, https:\/\/www.schnaiterhof.de\/wp-content\/uploads\/2024\/12\/Schlafzimmer-FEWO-Terrasse-1536x1228.jpg 1536w, https:\/\/www.schnaiterhof.de\/wp-content\/uploads\/2024\/12\/Schlafzimmer-FEWO-Terrasse.jpg 1600w\" sizes=\"auto, (max-width: 300px) 100vw, 300px\" \/><\/a>\n\t\t\t<\/dt>\n\t\t\t\t<dd class='wp-caption-text gallery-caption' id='gallery-1-1253'>\n\t\t\t\tSchlafzimmer FEWO Terrasse\n\t\t\t\t<\/dd><\/dl><dl class='gallery-item'>\n\t\t\t<dt class='gallery-icon landscape'>\n\t\t\t\t<a href='https:\/\/www.schnaiterhof.de\/?attachment_id=1254'><img loading=\"lazy\" decoding=\"async\" width=\"300\" height=\"240\" src=\"https:\/\/www.schnaiterhof.de\/wp-content\/uploads\/2024\/12\/FEWO-Terrasse-Schlafzimmer-1-300x240.jpg\" class=\"attachment-medium size-medium\" alt=\"\" aria-describedby=\"gallery-1-1254\" srcset=\"https:\/\/www.schnaiterhof.de\/wp-content\/uploads\/2024\/12\/FEWO-Terrasse-Schlafzimmer-1-300x240.jpg 300w, https:\/\/www.schnaiterhof.de\/wp-content\/uploads\/2024\/12\/FEWO-Terrasse-Schlafzimmer-1-1024x819.jpg 1024w, https:\/\/www.schnaiterhof.de\/wp-content\/uploads\/2024\/12\/FEWO-Terrasse-Schlafzimmer-1-768x614.jpg 768w, https:\/\/www.schnaiterhof.de\/wp-content\/uploads\/2024\/12\/FEWO-Terrasse-Schlafzimmer-1-1536x1229.jpg 1536w, https:\/\/www.schnaiterhof.de\/wp-content\/uploads\/2024\/12\/FEWO-Terrasse-Schlafzimmer-1.jpg 1600w\" sizes=\"auto, (max-width: 300px) 100vw, 300px\" \/><\/a>\n\t\t\t<\/dt>\n\t\t\t\t<dd class='wp-caption-text gallery-caption' id='gallery-1-1254'>\n\t\t\t\tSchlafzimmer FEWO Terrasse\n\t\t\t\t<\/dd><\/dl><br style=\"clear: both\" \/>\n\t\t<\/div>\n\n<p><strong>Gr\u00f6\u00dfe:<\/strong> 60qm<b><br \/>\n<\/b><strong>Mindestaufenthalt:<\/strong> 5 N\u00e4chte<b><br \/>\n<\/b><strong>M\u00f6gliche Belegung:<\/strong> 1-5 Personen<\/p>\n<p>Leider keine Tiere m\u00f6glich.<\/p>\n<p><span class=\"s1\"><strong>Anreise<\/strong>:<\/span><span class=\"s2\"> ab 15:00 Uhr bis sp\u00e4testens 20:00 Uhr (fr\u00fchere\/sp\u00e4tere Anreise nur nach vorheriger telefonischer Absprache m\u00f6glich)<br \/>\n<\/span><span class=\"s1\"><strong>Abreise<\/strong>:<\/span><span class=\"s2\"> bis sp\u00e4testens 09:00 Uhr<\/span><\/p>\n<p>&nbsp;<\/p>\n<p><span style=\"color: #993300;\"><strong>Schreiben Sie uns unter <a href=\"https:\/\/www.schnaiterhof.de\/?page_id=117\">Kontakte<\/a> oder buchen Sie <a href=\"https:\/\/www.schnaiterhof.de\/?page_id=117\">telefonisch<\/a>.<\/strong><\/span><\/p>\n<div class=\"lightgrey-box\">\n<h2 style=\"text-align: center;\"><a title=\"Buchung\" href=\"https:\/\/www.schnaiterhof.de\/?page_id=19\">Zur Online-Buchung<\/a><\/h2>\n<\/div>\n","protected":false},"excerpt":{"rendered":"<p>Die l\u00e4ndliche Wohnung mit S\u00fcd-Terrasse eignet sich f\u00fcr Familien oder gehbehinderte Personen. Sie besteht aus zwei Schlafzimmern (Zustellbett f\u00fcr Kind m\u00f6glich), Wohnk\u00fcche, TV, Dusche\/WC, Flur. Ausstattung: Anzahl Betten (inkl. z.B. Couch): 5 2 separate Schlafzimmer &hellip; <a href=\"https:\/\/www.schnaiterhof.de\/?page_id=78\">Weiterlesen<\/a><\/p>\n","protected":false},"author":1,"featured_media":0,"parent":11,"menu_order":0,"comment_status":"closed","ping_status":"open","template":"fullwidth.php","meta":{"footnotes":""},"class_list":["post-78","page","type-page","status-publish","hentry"],"jetpack_sharing_enabled":true,"_links":{"self":[{"href":"https:\/\/www.schnaiterhof.de\/index.php?rest_route=\/wp\/v2\/pages\/78","targetHints":{"allow":["GET"]}}],"collection":[{"href":"https:\/\/www.schnaiterhof.de\/index.php?rest_route=\/wp\/v2\/pages"}],"about":[{"href":"https:\/\/www.schnaiterhof.de\/index.php?rest_route=\/wp\/v2\/types\/page"}],"author":[{"embeddable":true,"href":"https:\/\/www.schnaiterhof.de\/index.php?rest_route=\/wp\/v2\/users\/1"}],"replies":[{"embeddable":true,"href":"https:\/\/www.schnaiterhof.de\/index.php?rest_route=%2Fwp%2Fv2%2Fcomments&post=78"}],"version-history":[{"count":20,"href":"https:\/\/www.schnaiterhof.de\/index.php?rest_route=\/wp\/v2\/pages\/78\/revisions"}],"predecessor-version":[{"id":1273,"href":"https:\/\/www.schnaiterhof.de\/index.php?rest_route=\/wp\/v2\/pages\/78\/revisions\/1273"}],"up":[{"embeddable":true,"href":"https:\/\/www.schnaiterhof.de\/index.php?rest_route=\/wp\/v2\/pages\/11"}],"wp:attachment":[{"href":"https:\/\/www.schnaiterhof.de\/index.php?rest_route=%2Fwp%2Fv2%2Fmedia&parent=78"}],"curies":[{"name":"wp","href":"https:\/\/api.w.org\/{rel}","templated":true}]}}